{"id":1360,"date":"2024-02-15T11:13:48","date_gmt":"2024-02-15T10:13:48","guid":{"rendered":"https:\/\/organicom.ch\/politique-de-confidentialite\/"},"modified":"2025-11-04T19:13:44","modified_gmt":"2025-11-04T18:13:44","slug":"politique-de-confidentialite","status":"publish","type":"page","link":"https:\/\/organicom.ch\/en\/politique-de-confidentialite\/","title":{"rendered":"Privacy policy"},"content":{"rendered":"\t\t<div data-elementor-type=\"wp-page\" data-elementor-id=\"1360\" class=\"elementor elementor-1360 elementor-834\" data-elementor-post-type=\"page\">\n\t\t\t\t\t\t<section class=\"elementor-section elementor-top-section elementor-element elementor-element-8f0c1c1 elementor-section-boxed elementor-section-height-default elementor-section-height-default\" data-id=\"8f0c1c1\" data-element_type=\"section\" data-e-type=\"section\">\n\t\t\t\t\t\t<div class=\"elementor-container elementor-column-gap-default\">\n\t\t\t\t\t<div class=\"elementor-column elementor-col-100 elementor-top-column elementor-element elementor-element-ba80e01\" data-id=\"ba80e01\" data-element_type=\"column\" data-e-type=\"column\">\n\t\t\t<div class=\"elementor-widget-wrap elementor-element-populated\">\n\t\t\t\t\t\t<div class=\"elementor-element elementor-element-e3dd6cc elementor-widget elementor-widget-text-editor\" data-id=\"e3dd6cc\" data-element_type=\"widget\" data-e-type=\"widget\" data-widget_type=\"text-editor.default\">\n\t\t\t\t<div class=\"elementor-widget-container\">\n\t\t\t\t\t\t\t\t\t<p><strong>Organicom, Daniele<\/strong>, A-One Bussiness Center, Z. A. La Pi\u00e8ce 1, route de l&#8217;Etraz, 1180 Rolle est le responsable du traitement de vos donn\u00e9es personnelles collect\u00e9es dans le cadre de cette politique de confidentialit\u00e9.<\/p><p>Nous respectons votre vie priv\u00e9e et nous nous engageons \u00e0 une transparence totale quant \u00e0 la mani\u00e8re dont nous collectons, utilisons et partageons vos donn\u00e9es personnelles.<\/p><p>La pr\u00e9sente politique de confidentialit\u00e9 vous informe comment nous traitons les donn\u00e9es personnelles que nous recueillons aupr\u00e8s de vous, que vous nous fournissez ou que nous pouvons recueillir aupr\u00e8s d\u2019autres sources. Cela comprend les diff\u00e9rentes fa\u00e7ons dont vous interagissez avec nous, notamment en personne, par <a href=\"mailto:hd@organicom.ch\">email<\/a> ou par t\u00e9l\u00e9phone, par l\u2019interm\u00e9diaire de notre site web, ou encore de nos pages sur les r\u00e9seaux sociaux.<\/p><p>Pour toute question aff\u00e9rente \u00e0 vos donn\u00e9es personnelles, vous pouvez nous contacter par <a href=\"mailto:hd@organicom.ch\">email<\/a> ou par t\u00e9l\u00e9phone +41 21 805 05 55.<\/p><p>Cette politique de confidentialit\u00e9 a pour objectif :<\/p><ul><li>de lister les donn\u00e9es personnelles que nous collectons aupr\u00e8s de vous\u00a0;<\/li><li>d\u2019expliquer la finalit\u00e9 du traitement de ces donn\u00e9es\u00a0et de pr\u00e9ciser sur quelles bases l\u00e9gales nous traitons ces donn\u00e9es\u00a0;<\/li><li>d\u2019identifier avec qui ces donn\u00e9es sont partag\u00e9es et si elles sont transf\u00e9r\u00e9es \u00e0 l\u2019\u00e9tranger ;<\/li><li>d\u2019\u00e9noncer les mesures de s\u00e9curit\u00e9 que nous prenons en lien avec ces donn\u00e9es\u00a0;<\/li><li>de vous informer de vos droits en ce qui concerne vos donn\u00e9es personnelles et de la mani\u00e8re dont vous pouvez les exercer\u00a0;<\/li><\/ul>\t\t\t\t\t\t\t\t<\/div>\n\t\t\t\t<\/div>\n\t\t\t\t<div class=\"elementor-element elementor-element-a77f881 elementor-widget elementor-widget-heading\" data-id=\"a77f881\" data-element_type=\"widget\" data-e-type=\"widget\" data-widget_type=\"heading.default\">\n\t\t\t\t<div class=\"elementor-widget-container\">\n\t\t\t\t\t<h5 class=\"elementor-heading-title elementor-size-default\">Notre politique de confidentialit\u00e9<\/h5>\t\t\t\t<\/div>\n\t\t\t\t<\/div>\n\t\t\t\t<div class=\"elementor-element elementor-element-4a79481 elementor-widget elementor-widget-text-editor\" data-id=\"4a79481\" data-element_type=\"widget\" data-e-type=\"widget\" data-widget_type=\"text-editor.default\">\n\t\t\t\t<div class=\"elementor-widget-container\">\n\t\t\t\t\t\t\t\t\t<p>En interagissant avec nous ou en nous communiquant vos donn\u00e9es personnelles, vous acceptez les r\u00e8gles d\u00e9crites dans cette politique de confidentialit\u00e9. Si vous n\u2019acceptez pas ces r\u00e8gles, veuillez ne pas utiliser ou visiter notre site web ni nous fournir vos donn\u00e9es personnelles.<\/p><p>Organicom, Daniele se r\u00e9serve le droit d\u2019apporter des modifications \u00e0 cette politique de confidentialit\u00e9, qui seront effectives d\u00e8s leur publication sur notre site web. Veillez \u00e0 consulter notre site web r\u00e9guli\u00e8rement pour tout changement.<\/p>\t\t\t\t\t\t\t\t<\/div>\n\t\t\t\t<\/div>\n\t\t\t\t<div class=\"elementor-element elementor-element-a1ea302 elementor-widget elementor-widget-heading\" data-id=\"a1ea302\" data-element_type=\"widget\" data-e-type=\"widget\" data-widget_type=\"heading.default\">\n\t\t\t\t<div class=\"elementor-widget-container\">\n\t\t\t\t\t<h5 class=\"elementor-heading-title elementor-size-default\">Quelles donn\u00e9es personnelles collectons-nous ?<\/h5>\t\t\t\t<\/div>\n\t\t\t\t<\/div>\n\t\t\t\t<div class=\"elementor-element elementor-element-794749c elementor-widget elementor-widget-text-editor\" data-id=\"794749c\" data-element_type=\"widget\" data-e-type=\"widget\" data-widget_type=\"text-editor.default\">\n\t\t\t\t<div class=\"elementor-widget-container\">\n\t\t\t\t\t\t\t\t\t<p>Lorsque vous interagissez avec nous, par exemple via notre site web, nos comptes de m\u00e9dias sociaux, par <a href=\"mailto:https:\/\/organicom.ch\/\">email<\/a> ou par t\u00e9l\u00e9phone, lorsque vous visitez nos locaux physiques ou lors d&#8217;\u00e9v\u00e9nements, nous pouvons \u00eatre amen\u00e9s \u00e0 collecter vos donn\u00e9es personnelles.<\/p><p>Nous ne collectons que les donn\u00e9es personnelles que vous nous communiquez, qui r\u00e9sultent de vos actions sur notre site web et\/ou dont nous avons besoin pour vous offrir ou am\u00e9liorer notre offre de produits, ou encore sur la base d\u2019un autre int\u00e9r\u00eat l\u00e9gitime :<\/p><p>Informations de contact et d\u2019identification telles que nom, pr\u00e9nom, adresse physique et\/ou \u00e9lectronique, num\u00e9ro de t\u00e9l\u00e9phone et des m\u00e9tadonn\u00e9es de communication telles que votre adresse IP, la signature temporelle et, \u00e9ventuellement, des informations sur votre localisation g\u00e9ographique ;<br \/>Informations transactionnelles, telles que les d\u00e9tails de paiement (par exemple, les num\u00e9ros de carte de cr\u00e9dit ou de compte bancaire) et l&#8217;adresse de facturation\u00a0;<br \/>Informations issues de vos comptes de m\u00e9dias sociaux, tels que profils, photos, vid\u00e9os, stories, commentaires et autres contenus g\u00e9n\u00e9r\u00e9s par vous o\u00f9 nos marques et\/ou services sont mentionn\u00e9s ou apparaissent, lorsque vous autorisez un r\u00e9seau social tiers \u00e0 partager vos donn\u00e9es personnelles avec nous ou lorsque vous utilisez une fonctionnalit\u00e9\u0301 d\u2019un r\u00e9seau social qui est int\u00e9gr\u00e9e \u00e0 l\u2019un de notre site web\u00a0;<\/p><p>Nous collectons ces donn\u00e9es directement aupr\u00e8s de vous lorsque vous nous les communiquez.<\/p><p>Nous pouvons \u00e9galement recueillir des donn\u00e9es personnelles provenant notamment de sources publiques et plateformes de r\u00e9seaux sociaux. Ces informations peuvent inclure des donn\u00e9es personnelles de votre profil sur un r\u00e9seau social et dont vous autorisez ce r\u00e9seau \u00e0 nous communiquer conform\u00e9ment \u00e0 leurs r\u00e8gles.<\/p><p>Nous utilisons aussi des cookies et autres technologies de suivi (par ex. pixels, balises web et APIs) qui collectent certains types d&#8217;informations lorsque vous interagissez avec nous sur notre site web ou via nos pages de m\u00e9dia sociaux, tels que l\u2019adresses IP, la localisation, les appareils ou pr\u00e9f\u00e9rences de navigation, le syst\u00e8me d&#8217;exploitation, la source, la dur\u00e9e de la visite, les pages consult\u00e9es, etc. Pour de plus amples renseignements, veuillez consulter notre <a href=\"https:\/\/organicom.ch\/notice-sur-les-cookies\">notice sur les cookies<\/a>.<\/p>\t\t\t\t\t\t\t\t<\/div>\n\t\t\t\t<\/div>\n\t\t\t\t<div class=\"elementor-element elementor-element-9c554d3 elementor-widget elementor-widget-heading\" data-id=\"9c554d3\" data-element_type=\"widget\" data-e-type=\"widget\" data-widget_type=\"heading.default\">\n\t\t\t\t<div class=\"elementor-widget-container\">\n\t\t\t\t\t<h5 class=\"elementor-heading-title elementor-size-default\">Pourquoi collectons-nous vos donn\u00e9es personnelles et sur quelles bases l\u00e9gales ?<\/h5>\t\t\t\t<\/div>\n\t\t\t\t<\/div>\n\t\t\t\t<div class=\"elementor-element elementor-element-945643e elementor-widget elementor-widget-text-editor\" data-id=\"945643e\" data-element_type=\"widget\" data-e-type=\"widget\" data-widget_type=\"text-editor.default\">\n\t\t\t\t<div class=\"elementor-widget-container\">\n\t\t\t\t\t\t\t\t\t<p>Nous collectons et utilisons vos donn\u00e9es personnelles afin :<\/p><ul><li>de r\u00e9pondre \u00e0 vos questions et demandes de renseignements\u00a0;<br \/>traiter vos requ\u00eates et instructions en lien avec les services que nous proposons ;<\/li><li>de vous fournir notre offre de vente de mobilier ainsi que nos services de consulting en am\u00e9nagement des espaces de travail\u00a0;<\/li><li>d\u2019effectuer des transactions commerciales avec vous lors de vos commandes;<\/li><li>d\u2019optimiser votre exp\u00e9rience d\u2019utilisateur\/trice sur notre site web\u00a0;<\/li><li>de r\u00e9pondre \u00e0 des besoins de s\u00e9curit\u00e9 et de maintenance, d\u2019\u00e9valuation, de gestion des risques et\/ou des conflits et d\u2019archivage\u00a0;<\/li><li>de conserver des traces de nos activit\u00e9s afin de nous conformer \u00e0 nos obligations financi\u00e8res ou juridiques.<\/li><\/ul><p>\u00a0<\/p><p>Nous traitons vos donn\u00e9es sur une base pr\u00e9contractuelle et\/ou contractuelle lors de toutes vos interactions avec Organicom, Daniele li\u00e9es \u00e0 nos produits et services, incluant vos prises de contact avec nous ou vos demandes de renseignement, ainsi que toutes transactions commerciales y attenantes.<\/p><p>Il est dans notre int\u00e9r\u00eat l\u00e9gitime de traiter certaines de vos informations pour garantir la s\u00e9curit\u00e9 de nos locaux, de nos syst\u00e8mes informatiques, ainsi que de notre personnel et de nos clients. Veuillez noter que dans ce cas, vous avez le droit d\u2019objecter au traitement en nous contactant par <a href=\"mailto:hd@organicom.ch\">email<\/a>.<\/p><p>Enfin, nous avons des obligations l\u00e9gales en vertu du droit national et international. Afin de remplir nos obligations, nous traitons vos donn\u00e9es personnelles \u00e0 des fins de conformit\u00e9, afin de nous conformer \u00e0 nos obligations financi\u00e8res ou juridiques.<\/p>\t\t\t\t\t\t\t\t<\/div>\n\t\t\t\t<\/div>\n\t\t\t\t<div class=\"elementor-element elementor-element-45151dc elementor-widget elementor-widget-heading\" data-id=\"45151dc\" data-element_type=\"widget\" data-e-type=\"widget\" data-widget_type=\"heading.default\">\n\t\t\t\t<div class=\"elementor-widget-container\">\n\t\t\t\t\t<h5 class=\"elementor-heading-title elementor-size-default\">Avec qui partageons-nous vos donn\u00e9es personnelles et sont-elles transf\u00e9r\u00e9es \u00e0 l'\u00e9tranger ?<\/h5>\t\t\t\t<\/div>\n\t\t\t\t<\/div>\n\t\t\t\t<div class=\"elementor-element elementor-element-39d7b52 elementor-widget elementor-widget-text-editor\" data-id=\"39d7b52\" data-element_type=\"widget\" data-e-type=\"widget\" data-widget_type=\"text-editor.default\">\n\t\t\t\t<div class=\"elementor-widget-container\">\n\t\t\t\t\t\t\t\t\t<p>Nous ne vendons pas vos donn\u00e9es personnelles.<\/p><p>Nous pouvons partager vos donn\u00e9es personnelles avec certains de nos fournisseurs (comme notre soci\u00e9t\u00e9 d&#8217;h\u00e9bergement informatique, notre fiduciaire, notre logiciel de facturation, notre informaticien, nos fournisseurs de mobilier) et nos partenaires en marketing et communication (p. ex. les services CRM et les services de publication et de distribution de la Newsletter), ou avec les autorit\u00e9s. La plupart de nos fournisseurs sont situ\u00e9s en Suisse, dans l\u2019Union Europ\u00e9enne et en Grande Bretagne.<\/p><p>Pour notre site web, nous utilisons Google Analytics (GA) et d&#8217;autres outils propos\u00e9s dans sa suite, ainsi que le Pixel META, ce qui peut entra\u00eener des transferts de donn\u00e9es vers les \u00c9tats-Unis. Pour de plus amples informations GA et ces outils et sur la mani\u00e8re de le d\u00e9sactiver, veuillez consulter la <a href=\"https:\/\/organicom.ch\/notice-sur-les-cookies\">notice relative aux cookies<\/a>.<\/p><p>Il se peut aussi que nous utilisions des plug-ins sur notre site web, renvoyant \u00e0 des plateformes de m\u00e9dias sociaux. L&#8217;utilisation par la plateforme tierce des informations recueillies aupr\u00e8s de vous (ou telles qu&#8217;autoris\u00e9es par vous) est r\u00e9gie par sa propre notice de confidentialit\u00e9 et vos param\u00e8tres sur le service. Si vous ne souhaitez pas qu\u2019un site de r\u00e9seau social tiers attribue les donn\u00e9es collect\u00e9es par l&#8217;interm\u00e9diaire de notre site web \u00e0 votre compte sur ce r\u00e9seau social, vous devez vous d\u00e9connecter du site du r\u00e9seau social concern\u00e9 avant de visiter notre site web.<\/p>\t\t\t\t\t\t\t\t<\/div>\n\t\t\t\t<\/div>\n\t\t\t\t<div class=\"elementor-element elementor-element-d7fc49f elementor-widget elementor-widget-heading\" data-id=\"d7fc49f\" data-element_type=\"widget\" data-e-type=\"widget\" data-widget_type=\"heading.default\">\n\t\t\t\t<div class=\"elementor-widget-container\">\n\t\t\t\t\t<h5 class=\"elementor-heading-title elementor-size-default\">Comment vos donn\u00e9es sont-elles stock\u00e9es, s\u00e9curis\u00e9es et conserv\u00e9es ?<\/h5>\t\t\t\t<\/div>\n\t\t\t\t<\/div>\n\t\t\t\t<div class=\"elementor-element elementor-element-4d80841 elementor-widget elementor-widget-text-editor\" data-id=\"4d80841\" data-element_type=\"widget\" data-e-type=\"widget\" data-widget_type=\"text-editor.default\">\n\t\t\t\t<div class=\"elementor-widget-container\">\n\t\t\t\t\t\t\t\t\t<p>Nous prenons toutes les pr\u00e9cautions techniques et organisationnelles raisonnables pour s\u00e9curiser vos donn\u00e9es personnelles contre toute perte, acc\u00e8s non autoris\u00e9 et autre violation. Ces donn\u00e9es ne seront pas partag\u00e9es avec des tiers, sauf dans les cas pr\u00e9vus dans cette notice de confidentialit\u00e9.<\/p>\n\u2028\n<p>Lorsque les informations personnelles que nous recueillons ne sont plus requises pour une finalit\u00e9 donn\u00e9e ou sur la base d\u2019une exigence l\u00e9gale, nous les d\u00e9truisons ou les anonymisons.<\/p>\n\n<p>Nous nous engageons \u00e9galement \u00e0 ne pas conserver vos donn\u00e9es personnelles si vous deviez ne montrer aucun int\u00e9r\u00eat pour nos services pendant une p\u00e9riode d\u00e9finie apr\u00e8s la fin de votre derni\u00e8re prise de contact avec nous.<\/p> \t\t\t\t\t\t\t\t<\/div>\n\t\t\t\t<\/div>\n\t\t\t\t<div class=\"elementor-element elementor-element-3827ce5 elementor-widget elementor-widget-heading\" data-id=\"3827ce5\" data-element_type=\"widget\" data-e-type=\"widget\" data-widget_type=\"heading.default\">\n\t\t\t\t<div class=\"elementor-widget-container\">\n\t\t\t\t\t<h5 class=\"elementor-heading-title elementor-size-default\">Vos droits - comment acc\u00e9der \u00e0 vos donn\u00e9es personnelles et demander leur rectification !<\/h5>\t\t\t\t<\/div>\n\t\t\t\t<\/div>\n\t\t\t\t<div class=\"elementor-element elementor-element-183c446 elementor-widget elementor-widget-text-editor\" data-id=\"183c446\" data-element_type=\"widget\" data-e-type=\"widget\" data-widget_type=\"text-editor.default\">\n\t\t\t\t<div class=\"elementor-widget-container\">\n\t\t\t\t\t\t\t\t\t<p>Vous pouvez exercer vos droits en nous contactant simplement par <a href=\"mailto:hd@organicom.ch\">email<\/a>.<\/p>\n<p>Vous pouvez demander l\u2019acc\u00e8s \u00e0 vos donn\u00e9es personnelles, ainsi que les corriger ou les mettre \u00e0 jour.<\/p>\n<p>Si le traitement est bas\u00e9 sur l\u2019int\u00e9r\u00eat l\u00e9gitime, vous avez le droit d\u2019objecter au traitement.<\/p>\n<p>Pour nous aider \u00e0 traiter votre demande, veuillez nous fournir vos coordonn\u00e9es compl\u00e8tes, afin que nous puissions vous identifier de mani\u00e8re s\u00e9curis\u00e9e.<\/p>\n<p>Vous pouvez \u00e9galement limiter l&#8217;utilisation des technologies de suivi, tels que les cookies, en configurant votre navigateur pour qu&#8217;il vous avertisse avant de les accepter, ou vous pouvez simplement le configurer pour les refuser.<\/p>\n<p>Dans le cas o\u00f9 vous estimeriez que nous ne respectons pas vos droits ou nos obligations, vous pourrez directement effectuer une r\u00e9clamation aupr\u00e8s des autorit\u00e9s de protection des donn\u00e9es en Suisse.<\/p>\n<p>La politique de confidentialit\u00e9 et toutes questions en d\u00e9coulant ou li\u00e9es \u00e0 celle-ci sont r\u00e9gies par le droit suisse. Vous acceptez la comp\u00e9tence exclusive des tribunaux du si\u00e8ge d\u2019Organicom, Daniele.<\/p>\n<p><strong>Organicom, Daniele<\/strong> \u2013 F\u00e9vrier 2024<\/p>\t\t\t\t\t\t\t\t<\/div>\n\t\t\t\t<\/div>\n\t\t\t\t\t<\/div>\n\t\t<\/div>\n\t\t\t\t\t<\/div>\n\t\t<\/section>\n\t\t\t\t<\/div>\n\t\t","protected":false},"excerpt":{"rendered":"<p>Organicom, Daniele, A-One Bussiness Center, Z. A. La Pi\u00e8ce 1, route de l&#8217;Etraz, 1180 Rolle est le responsable du traitement de vos donn\u00e9es personnelles collect\u00e9es dans le cadre de cette politique de confidentialit\u00e9. Nous respectons votre vie priv\u00e9e et nous nous engageons \u00e0 une transparence totale quant \u00e0 la mani\u00e8re dont nous collectons, utilisons et [&hellip;]<\/p>\n","protected":false},"author":7,"featured_media":0,"parent":0,"menu_order":0,"comment_status":"closed","ping_status":"closed","template":"","meta":{"footnotes":""},"class_list":["post-1360","page","type-page","status-publish","hentry"],"_links":{"self":[{"href":"https:\/\/organicom.ch\/en\/wp-json\/wp\/v2\/pages\/1360","targetHints":{"allow":["GET"]}}],"collection":[{"href":"https:\/\/organicom.ch\/en\/wp-json\/wp\/v2\/pages"}],"about":[{"href":"https:\/\/organicom.ch\/en\/wp-json\/wp\/v2\/types\/page"}],"author":[{"embeddable":true,"href":"https:\/\/organicom.ch\/en\/wp-json\/wp\/v2\/users\/7"}],"replies":[{"embeddable":true,"href":"https:\/\/organicom.ch\/en\/wp-json\/wp\/v2\/comments?post=1360"}],"version-history":[{"count":1,"href":"https:\/\/organicom.ch\/en\/wp-json\/wp\/v2\/pages\/1360\/revisions"}],"predecessor-version":[{"id":1395,"href":"https:\/\/organicom.ch\/en\/wp-json\/wp\/v2\/pages\/1360\/revisions\/1395"}],"wp:attachment":[{"href":"https:\/\/organicom.ch\/en\/wp-json\/wp\/v2\/media?parent=1360"}],"curies":[{"name":"wp","href":"https:\/\/api.w.org\/{rel}","templated":true}]}}